
{"version":"1.0","provider_name":"Andrei Neagu","provider_url":"https:\/\/andreineagu.com\/blog","author_name":"Andrei","author_url":"https:\/\/andreineagu.com\/blog\/author\/admin\/","title":"Despre \u201eBucure\u0219ti neorom\u00e2nesc\u201d la TVR Cultural | Andrei Neagu","type":"rich","width":600,"height":338,"html":"<blockquote class=\"wp-embedded-content\" data-secret=\"0WedXmYRtz\"><a href=\"https:\/\/andreineagu.com\/blog\/despre-bucuresti-neoromanesc-la-tvr-cultural\/\">Despre \u201eBucure\u0219ti neorom\u00e2nesc\u201d la TVR Cultural<\/a><\/blockquote><iframe sandbox=\"allow-scripts\" security=\"restricted\" src=\"https:\/\/andreineagu.com\/blog\/despre-bucuresti-neoromanesc-la-tvr-cultural\/embed\/#?secret=0WedXmYRtz\" width=\"600\" height=\"338\" title=\"&#8220;Despre \u201eBucure\u0219ti neorom\u00e2nesc\u201d la TVR Cultural&#8221; &#8212; Andrei Neagu\" data-secret=\"0WedXmYRtz\" frameborder=\"0\" marginwidth=\"0\" marginheight=\"0\" scrolling=\"no\" class=\"wp-embedded-content\"><\/iframe><script type=\"text\/javascript\">\n\/* <![CDATA[ *\/\n\/*! This file is auto-generated *\/\n!function(d,l){\"use strict\";l.querySelector&&d.addEventListener&&\"undefined\"!=typeof URL&&(d.wp=d.wp||{},d.wp.receiveEmbedMessage||(d.wp.receiveEmbedMessage=function(e){var t=e.data;if((t||t.secret||t.message||t.value)&&!\/[^a-zA-Z0-9]\/.test(t.secret)){for(var s,r,n,a=l.querySelectorAll('iframe[data-secret=\"'+t.secret+'\"]'),o=l.querySelectorAll('blockquote[data-secret=\"'+t.secret+'\"]'),c=new RegExp(\"^https?:$\",\"i\"),i=0;i<o.length;i++)o[i].style.display=\"none\";for(i=0;i<a.length;i++)s=a[i],e.source===s.contentWindow&&(s.removeAttribute(\"style\"),\"height\"===t.message?(1e3<(r=parseInt(t.value,10))?r=1e3:~~r<200&&(r=200),s.height=r):\"link\"===t.message&&(r=new URL(s.getAttribute(\"src\")),n=new URL(t.value),c.test(n.protocol))&&n.host===r.host&&l.activeElement===s&&(d.top.location.href=t.value))}},d.addEventListener(\"message\",d.wp.receiveEmbedMessage,!1),l.addEventListener(\"DOMContentLoaded\",function(){for(var e,t,s=l.querySelectorAll(\"iframe.wp-embedded-content\"),r=0;r<s.length;r++)(t=(e=s[r]).getAttribute(\"data-secret\"))||(t=Math.random().toString(36).substring(2,12),e.src+=\"#?secret=\"+t,e.setAttribute(\"data-secret\",t)),e.contentWindow.postMessage({message:\"ready\",secret:t},\"*\")},!1)))}(window,document);\n\/* ]]> *\/\n<\/script>\n","description":"Pe 22 iunie 2025, \u00een cadrul emisiunii Jurnal Cultural difuzate de TVR Cultural, a fost prezentat proiectul \u201eBucure\u0219ti neorom\u00e2nesc\u201d, o carte care dep\u0103\u0219e\u0219te forma tiparului \u0219i devine un gest de memorie urban\u0103. Am vorbit despre felul \u00een care arhitectura, literatura \u0219i fotografia se \u00eempletesc \u00eentr-o pledoarie emo\u021bional\u0103 pentru un stil arhitectural adesea uitat: neorom\u00e2nescul. Cartea, ap\u0103rut\u0103 la Editura Vremea, este rezultatul a ani de documentare, explorare \u0219i ata\u0219ament fa\u021b\u0103 de Bucure\u0219ti. Ea vine \u00eenso\u021bit\u0103 de un instrument digital interactiv, care permite cititorului s\u0103 descopere cl\u0103dirile prezentate printr-un simplu cod QR direct pe teren, filtr\u00e2nd dup\u0103 strad\u0103, an, arhitect sau func\u021biune. \ud83d\udc49 Mai jos po\u021bi urm\u0103ri reportajul video din emisiune, cu interven\u021bia de la TVR Cultural: &nbsp;"}