
{"version":"1.0","provider_name":"Andrei Neagu","provider_url":"https:\/\/andreineagu.com\/blog","author_name":"Andrei","author_url":"https:\/\/andreineagu.com\/blog\/author\/admin\/","title":"MacBook Pro Mid-2012 | Andrei Neagu","type":"rich","width":600,"height":338,"html":"<blockquote class=\"wp-embedded-content\" data-secret=\"VGFsioInND\"><a href=\"https:\/\/andreineagu.com\/blog\/macbook-pro-mid-2012\/\">MacBook Pro Mid-2012<\/a><\/blockquote><iframe sandbox=\"allow-scripts\" security=\"restricted\" src=\"https:\/\/andreineagu.com\/blog\/macbook-pro-mid-2012\/embed\/#?secret=VGFsioInND\" width=\"600\" height=\"338\" title=\"&#8220;MacBook Pro Mid-2012&#8221; &#8212; Andrei Neagu\" data-secret=\"VGFsioInND\" frameborder=\"0\" marginwidth=\"0\" marginheight=\"0\" scrolling=\"no\" class=\"wp-embedded-content\"><\/iframe><script type=\"text\/javascript\">\n\/* <![CDATA[ *\/\n\/*! This file is auto-generated *\/\n!function(d,l){\"use strict\";l.querySelector&&d.addEventListener&&\"undefined\"!=typeof URL&&(d.wp=d.wp||{},d.wp.receiveEmbedMessage||(d.wp.receiveEmbedMessage=function(e){var t=e.data;if((t||t.secret||t.message||t.value)&&!\/[^a-zA-Z0-9]\/.test(t.secret)){for(var s,r,n,a=l.querySelectorAll('iframe[data-secret=\"'+t.secret+'\"]'),o=l.querySelectorAll('blockquote[data-secret=\"'+t.secret+'\"]'),c=new RegExp(\"^https?:$\",\"i\"),i=0;i<o.length;i++)o[i].style.display=\"none\";for(i=0;i<a.length;i++)s=a[i],e.source===s.contentWindow&&(s.removeAttribute(\"style\"),\"height\"===t.message?(1e3<(r=parseInt(t.value,10))?r=1e3:~~r<200&&(r=200),s.height=r):\"link\"===t.message&&(r=new URL(s.getAttribute(\"src\")),n=new URL(t.value),c.test(n.protocol))&&n.host===r.host&&l.activeElement===s&&(d.top.location.href=t.value))}},d.addEventListener(\"message\",d.wp.receiveEmbedMessage,!1),l.addEventListener(\"DOMContentLoaded\",function(){for(var e,t,s=l.querySelectorAll(\"iframe.wp-embedded-content\"),r=0;r<s.length;r++)(t=(e=s[r]).getAttribute(\"data-secret\"))||(t=Math.random().toString(36).substring(2,12),e.src+=\"#?secret=\"+t,e.setAttribute(\"data-secret\",t)),e.contentWindow.postMessage({message:\"ready\",secret:t},\"*\")},!1)))}(window,document);\n\/* ]]> *\/\n<\/script>\n","description":"Am configurat \u0219i setat un Macbook Pro mid-2012. Da frate! Se vede diferen\u021ba. Mai rapid, mai &#8220;lejer&#8221; \u0219i cu un feeling mai bun. Mountain Lion vine ca o completare \u00een tot acest peisaj. Bine, analiz\u00e2ndu-l mai \u00een am\u0103nunt observ c\u0103 singura schimbare ar fi \u00een adaosurile gen Notification Center, Mementos, Notes, Messages. Cam at\u00e2t \u00eens\u0103. Restul este ca \u0219i Lion. Dar chiar \u0219i cu toate performan\u021bele \u0219i bling-blingurile noului OS, m\u0103 simt super bine s\u0103 observ c\u0103 \u00eenc\u0103 simt performan\u021b\u0103 \u0219i stabilitate \u00een MacBook-ul meu.","thumbnail_url":"http:\/\/andreineagu.com\/blog\/wp-content\/uploads\/2013\/01\/IMG_5327.jpg"}