
{"version":"1.0","provider_name":"Andrei Neagu","provider_url":"https:\/\/andreineagu.com\/blog","author_name":"Andrei","author_url":"https:\/\/andreineagu.com\/blog\/author\/admin\/","title":"O cas\u0103 cu aer scandinav | Andrei Neagu","type":"rich","width":600,"height":338,"html":"<blockquote class=\"wp-embedded-content\" data-secret=\"8MmqgXZP1H\"><a href=\"https:\/\/andreineagu.com\/blog\/o-casa-cu-aer-scandinav\/\">O cas\u0103 cu aer scandinav<\/a><\/blockquote><iframe sandbox=\"allow-scripts\" security=\"restricted\" src=\"https:\/\/andreineagu.com\/blog\/o-casa-cu-aer-scandinav\/embed\/#?secret=8MmqgXZP1H\" width=\"600\" height=\"338\" title=\"&#8220;O cas\u0103 cu aer scandinav&#8221; &#8212; Andrei Neagu\" data-secret=\"8MmqgXZP1H\" frameborder=\"0\" marginwidth=\"0\" marginheight=\"0\" scrolling=\"no\" class=\"wp-embedded-content\"><\/iframe><script type=\"text\/javascript\">\n\/* <![CDATA[ *\/\n\/*! This file is auto-generated *\/\n!function(d,l){\"use strict\";l.querySelector&&d.addEventListener&&\"undefined\"!=typeof URL&&(d.wp=d.wp||{},d.wp.receiveEmbedMessage||(d.wp.receiveEmbedMessage=function(e){var t=e.data;if((t||t.secret||t.message||t.value)&&!\/[^a-zA-Z0-9]\/.test(t.secret)){for(var s,r,n,a=l.querySelectorAll('iframe[data-secret=\"'+t.secret+'\"]'),o=l.querySelectorAll('blockquote[data-secret=\"'+t.secret+'\"]'),c=new RegExp(\"^https?:$\",\"i\"),i=0;i<o.length;i++)o[i].style.display=\"none\";for(i=0;i<a.length;i++)s=a[i],e.source===s.contentWindow&&(s.removeAttribute(\"style\"),\"height\"===t.message?(1e3<(r=parseInt(t.value,10))?r=1e3:~~r<200&&(r=200),s.height=r):\"link\"===t.message&&(r=new URL(s.getAttribute(\"src\")),n=new URL(t.value),c.test(n.protocol))&&n.host===r.host&&l.activeElement===s&&(d.top.location.href=t.value))}},d.addEventListener(\"message\",d.wp.receiveEmbedMessage,!1),l.addEventListener(\"DOMContentLoaded\",function(){for(var e,t,s=l.querySelectorAll(\"iframe.wp-embedded-content\"),r=0;r<s.length;r++)(t=(e=s[r]).getAttribute(\"data-secret\"))||(t=Math.random().toString(36).substring(2,12),e.src+=\"#?secret=\"+t,e.setAttribute(\"data-secret\",t)),e.contentWindow.postMessage({message:\"ready\",secret:t},\"*\")},!1)))}(window,document);\n\/* ]]> *\/\n<\/script>\n","description":"Un vechi citat grecesc spune: \u201dPropria-\u0163i cas\u0103 este mai pl\u0103cut\u0103 dec\u00e2t oricare alta\u201d.\u00a0 De ce?\u00a0Pentru c\u0103 e a ta \u0219i ai libertatea s\u0103 o schimbi dup\u0103 bunul plac, s\u0103 o respec\u021bi ca pe tine \u00eensu\u021bi sau s\u0103 o la\u0219i \u00een dizgra\u021bie. Pentru mine, casa e locul \u00een care ar trebui s\u0103 m\u0103 simt cel mai bine, mai ales c\u0103, \u00een majoritatea timpului, lucrez de acas\u0103. Deci, e locul \u00een care petrec cea mai mult\u0103 vreme. E spa\u021biul care m\u0103 cunoa\u0219te \u00eendeaproape. Dac\u0103 mi-a\u0219 putea \u00eentreba oglinda: \u201dCine sunt?\u201d, probabil m-ar putea descrie mai bine ca oricine. Dac\u0103 mi-a\u0219 \u00eentreba scaunul c\u00e2te kg am, le-ar aproxima cu iscusin\u021b\u0103. Dac\u0103 mi-a\u0219 \u00eentreba masa care e felul meu preferat de m\u00e2ncare sigur s-ar str\u00e2mba la mine pentru a-mi aminti c\u0103 e timpul s\u0103 o \u00eembrac cu o fa\u021b\u0103 de mas\u0103. Casa e cea \u00een care trebuie s\u0103 m\u0103 simt inspirat ca s\u0103 pot crea, dar e \u0219i spa\u021biul \u00een care vreau s\u0103 m\u0103 simt eu \u00eensumi, s\u0103 m\u0103 simt, a\u0219a cum se zice: \u201dca acas\u0103\u201d. Prim\u0103vara, casa se umple de lumin\u0103, dar \u0219i de oameni. Mi-am propus ca Pa\u0219tele acesta s\u0103-mi invit familia \u0219i prietenii la mine. Primul g\u00e2nd a fost: cum \u00eemi &hellip;","thumbnail_url":"http:\/\/andreineagu.com\/blog\/wp-content\/uploads\/2019\/03\/set_de_mobila_dining_din_lemn_si_furnir_5_piese_negro_oak-1024x654-1024x654.jpg"}