
{"version":"1.0","provider_name":"Andrei Neagu","provider_url":"https:\/\/andreineagu.com\/blog","author_name":"Andrei","author_url":"https:\/\/andreineagu.com\/blog\/author\/admin\/","title":"Vacan\u021b\u0103 cu miros de relaxare \u0219i briz\u0103 | Andrei Neagu","type":"rich","width":600,"height":338,"html":"<blockquote class=\"wp-embedded-content\" data-secret=\"9L03ofBm1N\"><a href=\"https:\/\/andreineagu.com\/blog\/vacanta-cu-miros-de-relaxare-si-briza\/\">Vacan\u021b\u0103 cu miros de relaxare \u0219i briz\u0103<\/a><\/blockquote><iframe sandbox=\"allow-scripts\" security=\"restricted\" src=\"https:\/\/andreineagu.com\/blog\/vacanta-cu-miros-de-relaxare-si-briza\/embed\/#?secret=9L03ofBm1N\" width=\"600\" height=\"338\" title=\"&#8220;Vacan\u021b\u0103 cu miros de relaxare \u0219i briz\u0103&#8221; &#8212; Andrei Neagu\" data-secret=\"9L03ofBm1N\" frameborder=\"0\" marginwidth=\"0\" marginheight=\"0\" scrolling=\"no\" class=\"wp-embedded-content\"><\/iframe><script type=\"text\/javascript\">\n\/* <![CDATA[ *\/\n\/*! This file is auto-generated *\/\n!function(d,l){\"use strict\";l.querySelector&&d.addEventListener&&\"undefined\"!=typeof URL&&(d.wp=d.wp||{},d.wp.receiveEmbedMessage||(d.wp.receiveEmbedMessage=function(e){var t=e.data;if((t||t.secret||t.message||t.value)&&!\/[^a-zA-Z0-9]\/.test(t.secret)){for(var s,r,n,a=l.querySelectorAll('iframe[data-secret=\"'+t.secret+'\"]'),o=l.querySelectorAll('blockquote[data-secret=\"'+t.secret+'\"]'),c=new RegExp(\"^https?:$\",\"i\"),i=0;i<o.length;i++)o[i].style.display=\"none\";for(i=0;i<a.length;i++)s=a[i],e.source===s.contentWindow&&(s.removeAttribute(\"style\"),\"height\"===t.message?(1e3<(r=parseInt(t.value,10))?r=1e3:~~r<200&&(r=200),s.height=r):\"link\"===t.message&&(r=new URL(s.getAttribute(\"src\")),n=new URL(t.value),c.test(n.protocol))&&n.host===r.host&&l.activeElement===s&&(d.top.location.href=t.value))}},d.addEventListener(\"message\",d.wp.receiveEmbedMessage,!1),l.addEventListener(\"DOMContentLoaded\",function(){for(var e,t,s=l.querySelectorAll(\"iframe.wp-embedded-content\"),r=0;r<s.length;r++)(t=(e=s[r]).getAttribute(\"data-secret\"))||(t=Math.random().toString(36).substring(2,12),e.src+=\"#?secret=\"+t,e.setAttribute(\"data-secret\",t)),e.contentWindow.postMessage({message:\"ready\",secret:t},\"*\")},!1)))}(window,document);\n\/* ]]> *\/\n<\/script>\n","thumbnail_url":"https:\/\/andreineagu.com\/blog\/wp-content\/uploads\/2019\/04\/35628839_219851031960839_8142037659863220224_n.jpg","thumbnail_width":960,"thumbnail_height":640,"description":"Copil\u0103ria mea este str\u00e2ns legat\u0103 de mare. Timp de cel pu\u021bin 6 veri consecutive am beneficiat de aerosolii de pe faleza litoralului. Bagajele erau preg\u0103tite din timp, termosul cu cafea era la loc de cinste, iar cutia frigorific\u0103 g\u0103zduia r\u0103coritoarele \u0219i ron\u021b\u0103ielile de drum. Mi-aduc aminte de tritonul din megafonul de pe peronul g\u0103rii care anun\u021ba pe un ton pi\u021big\u0103iat c\u0103 urmeaz\u0103 trenul accelerat cu destina\u021bia unui \u00eenceput de vacan\u021b\u0103 la mare, faleza unui 1996 din Eforie Nord ticsit\u0103 de tarabe cu hamsii \u0219i casete cu \u201cCoco Jambo\u201d, pe l\u00e2ng\u0103 care mai z\u0103reai timid c\u00e2te-un \u0219mechera\u0219 ce \u00eenv\u00e2rtea ni\u0219te capace \u00eentr-un joc numit \u201calba-neagra\u201d. A\u0219adar, bucuria de a merge la mare a prins r\u0103d\u0103cini \u00eenc\u0103 de mic. \u0218i \u00eenc\u0103 de pe vremea \u00een care \u00eemi puneam 1000 \u0219i-una de \u00eentreb\u0103ri, am fost tare curios s\u0103 aflu de unde a \u00eenceput domnule, acest fenomen al mersului la mare? Nu a trecut mult timp p\u00e2n\u0103 mi-am dat r\u0103spunsul, f\u0103c\u00e2nd munc\u0103 de cercetare \u00een leg\u0103tur\u0103 cu acest aspect. Trendul de a merge \u00een vacan\u021b\u0103 a \u00eenceput la mijlocul secolului al XIX-lea, odat\u0103 cu apari\u021bia c\u0103ilor ferate. \u00cenainte de asta, c\u0103l\u0103torii se &#8220;d\u0103deau&#8221; cu c\u0103ru\u021ba tras\u0103 de cai, lucru care transforma c\u0103l\u0103toria \u00eentr-o experien\u021ba &hellip;"}